
{"id":2694,"date":"2022-10-25T07:35:19","date_gmt":"2022-10-25T07:35:19","guid":{"rendered":"https:\/\/elmiracle.cat\/?page_id=2694"},"modified":"2023-09-25T09:44:07","modified_gmt":"2023-09-25T09:44:07","slug":"teletrabajo-en-la-naturaleza","status":"publish","type":"page","link":"https:\/\/elmiracle.cat\/es\/teletrabajo-en-la-naturaleza\/","title":{"rendered":"Teletrabajar en la naturaleza"},"content":{"rendered":"\n<hr class=\"wp-block-separator has-css-opacity\"\/>\n\n\n\n<div class=\"wp-container-3 wp-block-columns col-1-2\">\n<div class=\"wp-container-1 wp-block-column paragraf-1-2\" style=\"flex-basis:33.33%\"><\/div>\n\n\n\n<div class=\"wp-container-2 wp-block-column\" style=\"flex-basis:66.66%\">\n<p>Si necesitas huir del ruido de la ciudad y buscas un espacio donde poder tele trabajar rodeado de naturaleza, tranquilo y donde te sea f\u00e1cil concentrarse, los apartamentos del Santuari del Miracle son el sitio ideal. &nbsp;Donde reina el silencio, rodeados de naturaleza y paisajes, con todos los servicios necesarios y con una ubicaci\u00f3n perfecta, aqu\u00ed encontrar\u00e1s lo que est\u00e1s buscando.<\/p>\n\n\n\n<p>Cuando necesites airearte, puedes salir del apartamento y contemplar, al horizonte, la mayor parte del Pre pirineo con el Port del Comte, el Pedraforca, el Cad\u00ed, la serra del Verd&#8230; Y disfrutar de los cambios de estaci\u00f3n con las nieblas misteriosas del invierno, las espigas de los campos verdes y dorados oleando en primavera, las balas de paja en verano y el olor a tierra tan presente en oto\u00f1o.<\/p>\n\n\n\n<p><\/p>\n<\/div>\n<\/div>\n\n\n\n<div class=\"wp-container-6 wp-block-columns col-1-2\">\n<div class=\"wp-container-4 wp-block-column col-1-2\" style=\"flex-basis:33.33%\"><\/div>\n\n\n\n<div class=\"wp-container-5 wp-block-column\" style=\"flex-basis:66.66%\">\n<h2>Servicios para teletrabajar<\/h2>\n<\/div>\n<\/div>\n\n\n\n<div class=\"wp-container-13 wp-block-columns col-3\">\n<div class=\"wp-container-8 wp-block-column\">\n<figure class=\"wp-block-image size-large col3\"><img loading=\"lazy\" width=\"1024\" height=\"683\" src=\"https:\/\/elmiracle.cat\/wp-content\/uploads\/2020\/04\/026_El-Miracle-Apartament-SANT-BENET-2016-scaled-1-1024x683.jpg\" alt=\"Apartaments. Allotjament al Santuari del Miracle, Solson\u00e8s\" class=\"wp-image-284\" srcset=\"https:\/\/elmiracle.cat\/wp-content\/uploads\/2020\/04\/026_El-Miracle-Apartament-SANT-BENET-2016-scaled-1-1024x683.jpg 1024w, https:\/\/elmiracle.cat\/wp-content\/uploads\/2020\/04\/026_El-Miracle-Apartament-SANT-BENET-2016-scaled-1-416x277.jpg 416w, https:\/\/elmiracle.cat\/wp-content\/uploads\/2020\/04\/026_El-Miracle-Apartament-SANT-BENET-2016-scaled-1-300x200.jpg 300w, https:\/\/elmiracle.cat\/wp-content\/uploads\/2020\/04\/026_El-Miracle-Apartament-SANT-BENET-2016-scaled-1-768x512.jpg 768w, https:\/\/elmiracle.cat\/wp-content\/uploads\/2020\/04\/026_El-Miracle-Apartament-SANT-BENET-2016-scaled-1-1536x1024.jpg 1536w, https:\/\/elmiracle.cat\/wp-content\/uploads\/2020\/04\/026_El-Miracle-Apartament-SANT-BENET-2016-scaled-1-2048x1366.jpg 2048w\" sizes=\"(max-width: 1024px) 100vw, 1024px\" \/><\/figure>\n\n\n\n<h3>Alojamiento<\/h3>\n\n\n\n<p>Tenemos a disposici\u00f3n 15 apartamentos en 2 edificios, el de Nostra Senyora y el de Sant Benet. Si vienes a tele trabajar te ofrecemos servicio de impresi\u00f3n de documentos, fotocopiadora y esc\u00e1ner.<\/p>\n\n\n\n<div class=\"wp-container-7 is-content-justification-left wp-block-buttons\">\n<div class=\"wp-block-button\"><a class=\"wp-block-button__link has-very-light-gray-color has-text-color has-background\" href=\"https:\/\/elmiracle.cat\/reserves\/\" style=\"background-color:#797041\" target=\"_blank\" rel=\"noreferrer noopener\">Reserva online<\/a><\/div>\n<\/div>\n\n\n\n<p><\/p>\n<\/div>\n\n\n\n<div class=\"wp-container-10 wp-block-column\">\n<figure class=\"wp-block-image size-large\"><img loading=\"lazy\" width=\"1024\" height=\"683\" src=\"https:\/\/elmiracle.cat\/wp-content\/uploads\/2020\/04\/Formatges_Miracle02-1024x683.jpg\" alt=\"Formatge del Miracle. Restaurant El Miracle, Santuari del Miracle, Solson\u00e8s\" class=\"wp-image-591\" srcset=\"https:\/\/elmiracle.cat\/wp-content\/uploads\/2020\/04\/Formatges_Miracle02-1024x683.jpg 1024w, https:\/\/elmiracle.cat\/wp-content\/uploads\/2020\/04\/Formatges_Miracle02-416x277.jpg 416w, https:\/\/elmiracle.cat\/wp-content\/uploads\/2020\/04\/Formatges_Miracle02-300x200.jpg 300w, https:\/\/elmiracle.cat\/wp-content\/uploads\/2020\/04\/Formatges_Miracle02-768x512.jpg 768w, https:\/\/elmiracle.cat\/wp-content\/uploads\/2020\/04\/Formatges_Miracle02-1536x1024.jpg 1536w, https:\/\/elmiracle.cat\/wp-content\/uploads\/2020\/04\/Formatges_Miracle02.jpg 1800w\" sizes=\"(max-width: 1024px) 100vw, 1024px\" \/><\/figure>\n\n\n\n<h3>Nevera llena<\/h3>\n\n\n\n<p>Queremos facilitarte tu llegada con la oportunidad de encontrarte la nevera llena de productos locales y de primera calidad. \u00a1Escoge los productos que quieres encontrarte en la nevera!<\/p>\n\n\n\n<div class=\"wp-container-9 is-content-justification-left wp-block-buttons\">\n<div class=\"wp-block-button\"><a class=\"wp-block-button__link has-very-light-gray-color has-text-color has-background\" href=\"https:\/\/tasta.territoridemasies.cat\/neveraplena\/\" style=\"background-color:#797041\" target=\"_blank\" rel=\"noreferrer noopener\">Ver productos<\/a><\/div>\n<\/div>\n<\/div>\n\n\n\n<div class=\"wp-container-12 wp-block-column\">\n<figure class=\"wp-block-image size-large\"><img loading=\"lazy\" width=\"1024\" height=\"655\" src=\"https:\/\/elmiracle.cat\/wp-content\/uploads\/2020\/05\/Entorn_vistes-banc-1024x655.jpg\" alt=\"Entorn. Santuari del Miracle, Solson\u00e8s\" class=\"wp-image-1414\" srcset=\"https:\/\/elmiracle.cat\/wp-content\/uploads\/2020\/05\/Entorn_vistes-banc-1024x655.jpg 1024w, https:\/\/elmiracle.cat\/wp-content\/uploads\/2020\/05\/Entorn_vistes-banc-416x266.jpg 416w, https:\/\/elmiracle.cat\/wp-content\/uploads\/2020\/05\/Entorn_vistes-banc-300x192.jpg 300w, https:\/\/elmiracle.cat\/wp-content\/uploads\/2020\/05\/Entorn_vistes-banc-768x491.jpg 768w, https:\/\/elmiracle.cat\/wp-content\/uploads\/2020\/05\/Entorn_vistes-banc.jpg 1200w\" sizes=\"(max-width: 1024px) 100vw, 1024px\" \/><\/figure>\n\n\n\n<h3>Desconecta de la rutina<\/h3>\n\n\n\n<p>Te proponemos un abanico de actividades para que puedas desconectar de la rutina y de las horas frente al ordenador. Realiza actividades para disfrutar del entorno. Patrimonio, deporte, senderismo, cultura&#8230;                         <\/p>\n\n\n\n<div class=\"wp-container-11 is-content-justification-left wp-block-buttons\">\n<div class=\"wp-block-button\"><a class=\"wp-block-button__link has-very-light-gray-color has-text-color has-background\" href=\"https:\/\/elmiracle.cat\/es\/que-hacer\/\" style=\"background-color:#797041\">Clica y desconecta<\/a><\/div>\n<\/div>\n\n\n\n<p><\/p>\n<\/div>\n<\/div>\n\n\n\n<hr class=\"wp-block-separator has-css-opacity\"\/>\n\n\n\n<div class=\"wp-container-16 wp-block-columns col-1-2\">\n<div class=\"wp-container-14 wp-block-column col-1-2\" style=\"flex-basis:33.33%\"><\/div>\n\n\n\n<div class=\"wp-container-15 wp-block-column\" style=\"flex-basis:66.66%\">\n<h2>D\u00f3nde dormir<\/h2>\n\n\n\n<p>Los apartamentos de Nostra Senyora tienen capacidad para alojar entre 1 y 5 personas. Uno de ellos est\u00e1 adaptado para personas con problemas de movilidad.<\/p>\n\n\n\n<p>Des del 2019 la mayor parte de los apartamentos cuentan con un nuevo sistema de calefacci\u00f3n y calentamiento del agua caliente que funciona con biomasa. De esta forma los apartamentos ofrecen un mejor confort y damos prioridad a la utilizaci\u00f3n de energ\u00eda limpia y renovable. En el 2020 hicimos una importante inversi\u00f3n en la mejora de la conexi\u00f3n a internet v\u00eda wifi. As\u00ed, los apartamentos disponen de una conexi\u00f3n r\u00e1pida y con muy buena se\u00f1al.<\/p>\n<\/div>\n<\/div>\n\n\n\n<div class=\"wp-container-19 wp-block-columns col-1-2\">\n<div class=\"wp-container-17 wp-block-column paragraf-1-2\" style=\"flex-basis:33.33%\">\n<pre class=\"wp-block-verse\">\"Un lugar muy tranquilo, alrededores excelentes de visita obligada y un potencial wifi ideal para teletrabajar.\"\n\n<strong>Guillermina, Booking<\/strong><\/pre>\n<\/div>\n\n\n\n<div class=\"wp-container-18 wp-block-column\" style=\"flex-basis:66.66%\">\n<figure class=\"wp-block-image size-large\"><img loading=\"lazy\" width=\"1024\" height=\"718\" src=\"https:\/\/elmiracle.cat\/wp-content\/uploads\/2020\/07\/Apartaments-NostraSenyora-menjador-1024x718.jpg\" alt=\"Apartaments. Allotjament al Santuari del Miracle, Solon\u00e8s\" class=\"wp-image-1841\" srcset=\"https:\/\/elmiracle.cat\/wp-content\/uploads\/2020\/07\/Apartaments-NostraSenyora-menjador-1024x718.jpg 1024w, https:\/\/elmiracle.cat\/wp-content\/uploads\/2020\/07\/Apartaments-NostraSenyora-menjador-416x292.jpg 416w, https:\/\/elmiracle.cat\/wp-content\/uploads\/2020\/07\/Apartaments-NostraSenyora-menjador-300x210.jpg 300w, https:\/\/elmiracle.cat\/wp-content\/uploads\/2020\/07\/Apartaments-NostraSenyora-menjador-768x538.jpg 768w, https:\/\/elmiracle.cat\/wp-content\/uploads\/2020\/07\/Apartaments-NostraSenyora-menjador-1536x1077.jpg 1536w, https:\/\/elmiracle.cat\/wp-content\/uploads\/2020\/07\/Apartaments-NostraSenyora-menjador.jpg 1800w\" sizes=\"(max-width: 1024px) 100vw, 1024px\" \/><\/figure>\n\n\n\n<p><\/p>\n<\/div>\n<\/div>\n\n\n\n<div class=\"wp-container-22 wp-block-columns col-1-2\">\n<div class=\"wp-container-20 wp-block-column col-1-2\" style=\"flex-basis:33.33%\"><\/div>\n\n\n\n<div class=\"wp-container-21 wp-block-column\" style=\"flex-basis:66.66%\">\n<h2>Caracter\u00edsticas generales<\/h2>\n\n\n\n<ul><li>2 habitaciones dobles con camas individuales.<\/li><li>Sal\u00f3n con sof\u00e1 y televisi\u00f3n.<\/li><li>Comedor.<\/li><li>Cocina completamente equipada con vajilla, utensilios de cocina, fuegos y horno de gas, microondas, nevera, congelador, cafetera italiana y tostadora.<\/li><li>Ba\u00f1o con ducha.<\/li><li>Ropa de cama, mantas y toallas.<\/li><li>Incluye jab\u00f3n de manos, jab\u00f3n para fregar los platos, estropajo, bayeta, jab\u00f3n para fregar el suelo, cerillas, un par de bolsas de basura y papel higi\u00e9nico.<\/li><li>Conexi\u00f3n wifi de alta potencia.<\/li><li>Una habitaci\u00f3n con escritorio y silla ergon\u00f3mica.<\/li><li>Espacio comunitario con lavadora.<\/li><\/ul>\n\n\n\n<p>El apartamento <strong>adaptado para movilidad reducida<\/strong>, a planta baja, dispone de una habitaci\u00f3n doble y una habitaci\u00f3n triple (con camas individuales), cocina-comedor y ba\u00f1o adaptado.<\/p>\n<\/div>\n<\/div>\n\n\n\n<div class=\"wp-container-25 wp-block-columns col-1-2\">\n<div class=\"wp-container-23 wp-block-column col-1-2\" style=\"flex-basis:33.33%\"><\/div>\n\n\n\n<div class=\"wp-container-24 wp-block-column\" style=\"flex-basis:66.66%\">\n<h2>Tarifas 2023<\/h2>\n\n\n\n<p>La tarifa de alojamiento var\u00eda en funci\u00f3n del n\u00famero de personas que se alojan. A continuaci\u00f3n detallamos los precios por apartamento y noche:<\/p>\n<\/div>\n<\/div>\n\n\n\n<div class=\"wp-container-29 wp-block-columns col-1-2\">\n<div class=\"wp-container-26 wp-block-column col-1-2\" style=\"flex-basis:33.33%\"><\/div>\n\n\n\n<div class=\"wp-container-28 wp-block-column\" style=\"flex-basis:66.66%\">\n<figure class=\"wp-block-table is-style-stripes\"><table><tbody><tr><td><strong>CAPACIDAD<\/strong><\/td><td><strong>PRECIO<\/strong><\/td><\/tr><tr><td>1 adulto<\/td><td>80\u20ac<\/td><\/tr><tr><td>2 adultos<\/td><td>80\u20ac<\/td><\/tr><tr><td>3 adultos<\/td><td>95\u20ac<\/td><\/tr><tr><td>4 adultos<\/td><td>110\u20ac<\/td><\/tr><\/tbody><\/table><figcaption><em>Precios con IVA incluido<\/em><\/figcaption><\/figure>\n\n\n\n<hr class=\"wp-block-separator has-css-opacity\"\/>\n\n\n\n<div class=\"wp-container-27 is-content-justification-center wp-block-buttons\">\n<div class=\"wp-block-button\"><a class=\"wp-block-button__link has-very-light-gray-color has-text-color has-background\" href=\"https:\/\/elmiracle.cat\/reserves\/\" style=\"background-color:#797041\" target=\"_blank\" rel=\"noreferrer noopener\">Reserva online<\/a><\/div>\n<\/div>\n<\/div>\n<\/div>\n\n\n\n<div class=\"wp-container-32 wp-block-columns col-1-2\">\n<div class=\"wp-container-30 wp-block-column col-1-2\" style=\"flex-basis:33.33%\"><\/div>\n\n\n\n<div class=\"wp-container-31 wp-block-column\" style=\"flex-basis:66.66%\">\n<h2>Informaci\u00f3n adicional<\/h2>\n\n\n\n<ul><li>Adultos: a partir de 13 a\u00f1os.<\/li><li>Ni\u00f1os de 3 a 12 a\u00f1os: suplemento de 10\u20ac\/ni\u00f1o y noche.<\/li><li>Ni\u00f1os de 0 a 2 a\u00f1os estancia gratuita.<\/li><li>Suplemento mascota: 5\u20ac\/noche (m\u00e1ximo 1 por apartamento).<\/li><li>No disponemos de camas supletorias.<\/li><li>Disponemos de cunas de viaje bajo petici\u00f3n.<\/li><li>El edificio no dispone de servicio de ascensor.<\/li><li>Es posible alojarse con mascota en algunos apartamentos con autorizaci\u00f3n previa.<\/li><li>No est\u00e1 permitido fumar.<\/li><li>Se puede pagar la estancia con tarjeta de cr\u00e9dito o d\u00e9bito.<\/li><li>Parquin p\u00fablico gratuito en el exterior.<\/li><li>Cafeter\u00eda abierta cada d\u00eda de 9:30 h a 16:30 h con servicio de desayuno en el recinto del Santuario.<\/li><li>Restaurante abierto s\u00e1bados, domingos y festivos al mediod\u00eda, al recinto del Santuario.<\/li><li>Durante el mes de agosto el restaurante est\u00e1 abierto todos los d\u00edas al mediod\u00eda de lunes a domingo. Durante los meses de julio y septiembre tambi\u00e9n abrimos los viernes al mediod\u00eda.<\/li><\/ul>\n<\/div>\n<\/div>\n\n\n\n<div class=\"wp-container-35 wp-block-columns col-1-2\">\n<div class=\"wp-container-33 wp-block-column col-1-2\" style=\"flex-basis:33.33%\"><\/div>\n\n\n\n<div class=\"wp-container-34 wp-block-column\" style=\"flex-basis:66.66%\">\n<h2>Nevera llena<\/h2>\n\n\n\n<p>En los alrededores del Miracle hay numerosas empresas agroalimentarias con un producto local excelente. Queremos facilitarte tu estancia ofreci\u00e9ndote la posibilidad de degustar los productos que deseas y que te los encuentres dentro de la nevera cuando llegues.<\/p>\n<\/div>\n<\/div>\n\n\n\n<div class=\"wp-container-38 wp-block-columns col-1-2\">\n<div class=\"wp-container-36 wp-block-column paragraf-1-2\" style=\"flex-basis:33.33%\">\n<p><\/p>\n<\/div>\n\n\n\n<div class=\"wp-container-37 wp-block-column\" style=\"flex-basis:66.66%\">\n<figure class=\"wp-block-image size-large\"><img loading=\"lazy\" width=\"1024\" height=\"683\" src=\"https:\/\/elmiracle.cat\/wp-content\/uploads\/2020\/07\/Hort-cistella-1024x683.jpg\" alt=\"El nostre hort. Resturant El Miracle, Solson\u00e8s\" class=\"wp-image-2086\" srcset=\"https:\/\/elmiracle.cat\/wp-content\/uploads\/2020\/07\/Hort-cistella-1024x683.jpg 1024w, https:\/\/elmiracle.cat\/wp-content\/uploads\/2020\/07\/Hort-cistella-300x200.jpg 300w, https:\/\/elmiracle.cat\/wp-content\/uploads\/2020\/07\/Hort-cistella-768x512.jpg 768w, https:\/\/elmiracle.cat\/wp-content\/uploads\/2020\/07\/Hort-cistella-1536x1024.jpg 1536w, https:\/\/elmiracle.cat\/wp-content\/uploads\/2020\/07\/Hort-cistella-416x277.jpg 416w, https:\/\/elmiracle.cat\/wp-content\/uploads\/2020\/07\/Hort-cistella.jpg 1800w\" sizes=\"(max-width: 1024px) 100vw, 1024px\" \/><\/figure>\n\n\n\n<p>Escoje los productos que quieres encontrar: <a href=\"https:\/\/tasta.territoridemasies.cat\/neveraplena\/\">haz tu pedido<\/a><\/p>\n<\/div>\n<\/div>\n\n\n\n<div class=\"wp-container-41 wp-block-columns col-1-2\">\n<div class=\"wp-container-39 wp-block-column col-1-2\" style=\"flex-basis:33.33%\"><\/div>\n\n\n\n<div class=\"wp-container-40 wp-block-column\" style=\"flex-basis:66.66%\">\n<h2>\u00a1EN EL SANTUARI DEL MIRACLE NO HAY ESPACIO PARA EL ABURRIMIENTO!<\/h2>\n\n\n\n<p>Cuando tu jornada laboral haya terminado, desconecta de las horas frente al ordenador ya sea disfrutando del entorno, visitando el Santuario con audio gu\u00eda o con gu\u00eda. Si necesitas hacer alguna actividad, puedes recorrer las rutas de senderismo se\u00f1alizadas del entorno o hacer una ruta guiada en alg\u00fan rinc\u00f3n emblem\u00e1tico de la comarca.<\/p>\n<\/div>\n<\/div>\n\n\n\n<div class=\"wp-container-44 wp-block-columns col-1-2\">\n<div class=\"wp-container-42 wp-block-column paragraf-1-2\" style=\"flex-basis:33.33%\"><\/div>\n\n\n\n<div class=\"wp-container-43 wp-block-column\" style=\"flex-basis:66.66%\">\n<figure class=\"wp-block-image size-large\"><img loading=\"lazy\" width=\"1024\" height=\"768\" src=\"https:\/\/elmiracle.cat\/wp-content\/uploads\/2020\/05\/Bassa_spring-1024x768.jpg\" alt=\"Bassa del Miracle. Santuari del Miracle, Solson\u00e8s\" class=\"wp-image-1360\" srcset=\"https:\/\/elmiracle.cat\/wp-content\/uploads\/2020\/05\/Bassa_spring-1024x768.jpg 1024w, https:\/\/elmiracle.cat\/wp-content\/uploads\/2020\/05\/Bassa_spring-416x312.jpg 416w, https:\/\/elmiracle.cat\/wp-content\/uploads\/2020\/05\/Bassa_spring-300x225.jpg 300w, https:\/\/elmiracle.cat\/wp-content\/uploads\/2020\/05\/Bassa_spring-768x576.jpg 768w, https:\/\/elmiracle.cat\/wp-content\/uploads\/2020\/05\/Bassa_spring-1536x1152.jpg 1536w, https:\/\/elmiracle.cat\/wp-content\/uploads\/2020\/05\/Bassa_spring-2048x1536.jpg 2048w\" sizes=\"(max-width: 1024px) 100vw, 1024px\" \/><\/figure>\n\n\n\n<p>Para m\u00e1s informaci\u00f3n puedes visitarnos en la<a href=\"https:\/\/elmiracle.cat\/es\/que-hacer\/\"> Oficina de Turismo <\/a>ubicada en el recinto del Santuario.&nbsp;<\/p>\n\n\n\n<p><\/p>\n<\/div>\n<\/div>\n","protected":false},"excerpt":{"rendered":"<p>Si necesitas huir del ruido de la ciudad y buscas un espacio donde poder tele trabajar rodeado de naturaleza, tranquilo y donde te sea f\u00e1cil concentrarse, los apartamentos del Santuari del Miracle son el sitio ideal. &nbsp;Donde reina el silencio, rodeados de naturaleza y paisajes, con todos los servicios necesarios y con una ubicaci\u00f3n perfecta, [&hellip;]<\/p>\n","protected":false},"author":1,"featured_media":2505,"parent":0,"menu_order":0,"comment_status":"closed","ping_status":"closed","template":"section-page.php","meta":[],"acf":[],"yoast_head":"<!-- This site is optimized with the Yoast SEO plugin v19.8 - https:\/\/yoast.com\/wordpress\/plugins\/seo\/ -->\n<title>Teletrabajar en la naturaleza - Santuari El Miracle<\/title>\n<meta name=\"robots\" content=\"index, follow, max-snippet:-1, max-image-preview:large, max-video-preview:-1\" \/>\n<link rel=\"canonical\" href=\"https:\/\/elmiracle.cat\/es\/teletrabajo-en-la-naturaleza\/\" \/>\n<meta property=\"og:locale\" content=\"es_ES\" \/>\n<meta property=\"og:type\" content=\"article\" \/>\n<meta property=\"og:title\" content=\"Teletrabajar en la naturaleza - Santuari El Miracle\" \/>\n<meta property=\"og:description\" content=\"Si necesitas huir del ruido de la ciudad y buscas un espacio donde poder tele trabajar rodeado de naturaleza, tranquilo y donde te sea f\u00e1cil concentrarse, los apartamentos del Santuari del Miracle son el sitio ideal. &nbsp;Donde reina el silencio, rodeados de naturaleza y paisajes, con todos los servicios necesarios y con una ubicaci\u00f3n perfecta, [&hellip;]\" \/>\n<meta property=\"og:url\" content=\"https:\/\/elmiracle.cat\/es\/teletrabajo-en-la-naturaleza\/\" \/>\n<meta property=\"og:site_name\" content=\"Santuari El Miracle\" \/>\n<meta property=\"article:modified_time\" content=\"2023-09-25T09:44:07+00:00\" \/>\n<meta property=\"og:image\" content=\"https:\/\/elmiracle.cat\/wp-content\/uploads\/2021\/01\/fotoPORTADA-scaled.jpg\" \/>\n\t<meta property=\"og:image:width\" content=\"2560\" \/>\n\t<meta property=\"og:image:height\" content=\"1920\" \/>\n\t<meta property=\"og:image:type\" content=\"image\/jpeg\" \/>\n<meta name=\"twitter:card\" content=\"summary_large_image\" \/>\n<meta name=\"twitter:label1\" content=\"Tiempo de lectura\" \/>\n\t<meta name=\"twitter:data1\" content=\"6 minutos\" \/>\n<script type=\"application\/ld+json\" class=\"yoast-schema-graph\">{\"@context\":\"https:\/\/schema.org\",\"@graph\":[{\"@type\":\"WebPage\",\"@id\":\"https:\/\/elmiracle.cat\/es\/teletrabajo-en-la-naturaleza\/\",\"url\":\"https:\/\/elmiracle.cat\/es\/teletrabajo-en-la-naturaleza\/\",\"name\":\"Teletrabajar en la naturaleza - Santuari El Miracle\",\"isPartOf\":{\"@id\":\"https:\/\/elmiracle.cat\/#website\"},\"datePublished\":\"2022-10-25T07:35:19+00:00\",\"dateModified\":\"2023-09-25T09:44:07+00:00\",\"inLanguage\":\"es\",\"potentialAction\":[{\"@type\":\"ReadAction\",\"target\":[\"https:\/\/elmiracle.cat\/es\/teletrabajo-en-la-naturaleza\/\"]}]},{\"@type\":\"WebSite\",\"@id\":\"https:\/\/elmiracle.cat\/#website\",\"url\":\"https:\/\/elmiracle.cat\/\",\"name\":\"Santuari El Miracle\",\"description\":\"Santuari El Miracle\",\"potentialAction\":[{\"@type\":\"SearchAction\",\"target\":{\"@type\":\"EntryPoint\",\"urlTemplate\":\"https:\/\/elmiracle.cat\/?s={search_term_string}\"},\"query-input\":\"required name=search_term_string\"}],\"inLanguage\":\"es\"}]}<\/script>\n<!-- \/ Yoast SEO plugin. -->","yoast_head_json":{"title":"Teletrabajar en la naturaleza - Santuari El Miracle","robots":{"index":"index","follow":"follow","max-snippet":"max-snippet:-1","max-image-preview":"max-image-preview:large","max-video-preview":"max-video-preview:-1"},"canonical":"https:\/\/elmiracle.cat\/es\/teletrabajo-en-la-naturaleza\/","og_locale":"es_ES","og_type":"article","og_title":"Teletrabajar en la naturaleza - Santuari El Miracle","og_description":"Si necesitas huir del ruido de la ciudad y buscas un espacio donde poder tele trabajar rodeado de naturaleza, tranquilo y donde te sea f\u00e1cil concentrarse, los apartamentos del Santuari del Miracle son el sitio ideal. &nbsp;Donde reina el silencio, rodeados de naturaleza y paisajes, con todos los servicios necesarios y con una ubicaci\u00f3n perfecta, [&hellip;]","og_url":"https:\/\/elmiracle.cat\/es\/teletrabajo-en-la-naturaleza\/","og_site_name":"Santuari El Miracle","article_modified_time":"2023-09-25T09:44:07+00:00","og_image":[{"width":2560,"height":1920,"url":"https:\/\/elmiracle.cat\/wp-content\/uploads\/2021\/01\/fotoPORTADA-scaled.jpg","type":"image\/jpeg"}],"twitter_card":"summary_large_image","twitter_misc":{"Tiempo de lectura":"6 minutos"},"schema":{"@context":"https:\/\/schema.org","@graph":[{"@type":"WebPage","@id":"https:\/\/elmiracle.cat\/es\/teletrabajo-en-la-naturaleza\/","url":"https:\/\/elmiracle.cat\/es\/teletrabajo-en-la-naturaleza\/","name":"Teletrabajar en la naturaleza - Santuari El Miracle","isPartOf":{"@id":"https:\/\/elmiracle.cat\/#website"},"datePublished":"2022-10-25T07:35:19+00:00","dateModified":"2023-09-25T09:44:07+00:00","inLanguage":"es","potentialAction":[{"@type":"ReadAction","target":["https:\/\/elmiracle.cat\/es\/teletrabajo-en-la-naturaleza\/"]}]},{"@type":"WebSite","@id":"https:\/\/elmiracle.cat\/#website","url":"https:\/\/elmiracle.cat\/","name":"Santuari El Miracle","description":"Santuari El Miracle","potentialAction":[{"@type":"SearchAction","target":{"@type":"EntryPoint","urlTemplate":"https:\/\/elmiracle.cat\/?s={search_term_string}"},"query-input":"required name=search_term_string"}],"inLanguage":"es"}]}},"_links":{"self":[{"href":"https:\/\/elmiracle.cat\/es\/wp-json\/wp\/v2\/pages\/2694"}],"collection":[{"href":"https:\/\/elmiracle.cat\/es\/wp-json\/wp\/v2\/pages"}],"about":[{"href":"https:\/\/elmiracle.cat\/es\/wp-json\/wp\/v2\/types\/page"}],"author":[{"embeddable":true,"href":"https:\/\/elmiracle.cat\/es\/wp-json\/wp\/v2\/users\/1"}],"replies":[{"embeddable":true,"href":"https:\/\/elmiracle.cat\/es\/wp-json\/wp\/v2\/comments?post=2694"}],"version-history":[{"count":0,"href":"https:\/\/elmiracle.cat\/es\/wp-json\/wp\/v2\/pages\/2694\/revisions"}],"wp:featuredmedia":[{"embeddable":true,"href":"https:\/\/elmiracle.cat\/es\/wp-json\/wp\/v2\/media\/2505"}],"wp:attachment":[{"href":"https:\/\/elmiracle.cat\/es\/wp-json\/wp\/v2\/media?parent=2694"}],"curies":[{"name":"wp","href":"https:\/\/api.w.org\/{rel}","templated":true}]}}