
{"id":2630,"date":"2022-10-24T15:32:21","date_gmt":"2022-10-24T15:32:21","guid":{"rendered":"https:\/\/elmiracle.cat\/?page_id=2630"},"modified":"2023-07-28T09:57:59","modified_gmt":"2023-07-28T09:57:59","slug":"edificio-nuestra-senora","status":"publish","type":"page","link":"https:\/\/elmiracle.cat\/es\/alojamiento\/edificio-nuestra-senora\/","title":{"rendered":"Edificio Nuestra Se\u00f1ora"},"content":{"rendered":"\n<hr class=\"wp-block-separator has-css-opacity\"\/>\n\n\n\n<div class=\"wp-container-3 wp-block-columns col-1-2\">\n<div class=\"wp-container-1 wp-block-column col-1-2\" style=\"flex-basis:33.33%\"><\/div>\n\n\n\n<div class=\"wp-container-2 wp-block-column\" style=\"flex-basis:66.66%\">\n<h2>Este edificio dispone de 12 apartamentos<\/h2>\n\n\n\n<p>Los apartamentos tienen <strong>capacidad para alojar entre 1 y 5 personas<\/strong>. Uno est\u00e1 adaptado para personas con problemas de movilidad.<br> <br>Desde 2019 la mayor parte de los apartamentos disfrutan de un nuevo sistema de calefacci\u00f3n y calentamiento de agua caliente que funciona con biomasa. De esta forma los apartamentos ofrecen m\u00e1s confort y se da prioridad a la utilizaci\u00f3n de una <strong>energ\u00eda limpia y renovable<\/strong>.<\/p>\n<\/div>\n<\/div>\n\n\n\n<div class=\"wp-container-6 wp-block-columns col-1-2\">\n<div class=\"wp-container-4 wp-block-column col-1-2\" style=\"flex-basis:33.33%\">\n<pre class=\"wp-block-verse\">\"Un fin de semana inmejorable, un lugar muy tranquilo en medio de la naturaleza.\" <strong>Dolors53, Booking<\/strong><\/pre>\n<\/div>\n\n\n\n<div class=\"wp-container-5 wp-block-column\" style=\"flex-basis:66.66%\">\n\n  <div class=\"rotatiu_container\"  >\n <div class=\"rotatori-imatges\">\n    \n    <ul class=\"swiper-wrapper\">\n        \n      \n        \n  \n      <li class=\"swiper-slide\"> \n          <div class=\"content-slide\">\n          <figure><img src=\"https:\/\/elmiracle.cat\/wp-content\/uploads\/2020\/07\/Apartaments-NostraSenyora-menjador.jpg\"><\/figure>          \n                        <\/div>\n        <\/li>\n\n  \n      <li class=\"swiper-slide\"> \n          <div class=\"content-slide\">\n          <figure><img src=\"https:\/\/elmiracle.cat\/wp-content\/uploads\/2020\/07\/Apartaments-NostraSenyora-cuina.jpg\"><\/figure>          \n                        <\/div>\n        <\/li>\n\n  \n      <li class=\"swiper-slide\"> \n          <div class=\"content-slide\">\n          <figure><img src=\"https:\/\/elmiracle.cat\/wp-content\/uploads\/2023\/06\/apartament-nostra-senyora-sala-estar.jpg\"><\/figure>          \n                        <\/div>\n        <\/li>\n\n  \n      <li class=\"swiper-slide\"> \n          <div class=\"content-slide\">\n          <figure><img src=\"https:\/\/elmiracle.cat\/wp-content\/uploads\/2023\/06\/apartament-nostra-senyora-habitacio.jpg\"><\/figure>          \n                        <\/div>\n        <\/li>\n\n  \n      <li class=\"swiper-slide\"> \n          <div class=\"content-slide\">\n          <figure><img src=\"https:\/\/elmiracle.cat\/wp-content\/uploads\/2020\/07\/Apartaments-NostraSenyora-dormitori03.jpg\"><\/figure>          \n                        <\/div>\n        <\/li>\n\n  \n      <li class=\"swiper-slide\"> \n          <div class=\"content-slide\">\n          <figure><img src=\"https:\/\/elmiracle.cat\/wp-content\/uploads\/2020\/07\/Apartaments-NostraSenyora-dormitori.jpg\"><\/figure>          \n                        <\/div>\n        <\/li>\n\n  \n      <li class=\"swiper-slide\"> \n          <div class=\"content-slide\">\n          <figure><img src=\"https:\/\/elmiracle.cat\/wp-content\/uploads\/2023\/06\/apartament-nostra-senyora-wc.jpg\"><\/figure>          \n                        <\/div>\n        <\/li>\n\n  \n      <li class=\"swiper-slide\"> \n          <div class=\"content-slide\">\n          <figure><img src=\"https:\/\/elmiracle.cat\/wp-content\/uploads\/2020\/07\/Apartaments-NostraSenyora-escala02.jpg\"><\/figure>          \n                        <\/div>\n        <\/li>\n\n  \n      <li class=\"swiper-slide\"> \n          <div class=\"content-slide\">\n          <figure><img src=\"https:\/\/elmiracle.cat\/wp-content\/uploads\/2020\/07\/Apartaments-NostraSenyora-entrada02.jpg\"><\/figure>          \n                        <\/div>\n        <\/li>\n\n  \n      <li class=\"swiper-slide\"> \n          <div class=\"content-slide\">\n          <figure><img src=\"https:\/\/elmiracle.cat\/wp-content\/uploads\/2020\/07\/Apartaments-NostraSenyora-entrada.jpg\"><\/figure>          \n                        <\/div>\n        <\/li>\n\n  \n      <li class=\"swiper-slide\"> \n          <div class=\"content-slide\">\n          <figure><img src=\"https:\/\/elmiracle.cat\/wp-content\/uploads\/2020\/07\/Apartaments-NostraSenyora-escala.jpg\"><\/figure>          \n                        <\/div>\n        <\/li>\n\n  \n      <li class=\"swiper-slide\"> \n          <div class=\"content-slide\">\n          <figure><img src=\"https:\/\/elmiracle.cat\/wp-content\/uploads\/2020\/07\/Apartaments-NostraSenyora-exterior.jpg\"><\/figure>          \n                        <\/div>\n        <\/li>\n\n  \n      <li class=\"swiper-slide\"> \n          <div class=\"content-slide\">\n          <figure><img src=\"https:\/\/elmiracle.cat\/wp-content\/uploads\/2023\/06\/nostra-senyora-exterior.jpg\"><\/figure>          \n                        <\/div>\n        <\/li>\n\n          <\/ul>\n     \n     \n      <div class=\"rotatori-imatges-button-next swiper-button-next\"><\/div>\n    <div class=\"rotatori-imatges-button-prev swiper-button-prev\"><\/div>\n      <div class=\"rotatori-imatges-pagination\"><\/div>\n     <\/div>\n    <p class=\"arrow-down incrusted\"><a href=\"#botiga-home\">prev<\/a><\/p>    <\/div>\n <script>\n    var swiper = new Swiper('.rotatori-imatges', {\n       navigation: {\n        nextEl: '.rotatori-imatges .swiper-button-next',\n        prevEl: '.rotatori-imatges .swiper-button-prev',\n      },\n        pagination: {\n        el: '.rotatori-imatges-pagination',\n      },\n    });\n  <\/script><\/div>\n<\/div>\n\n\n\n<div class=\"wp-container-9 wp-block-columns col-1-2\">\n<div class=\"wp-container-7 wp-block-column col-1-2\" style=\"flex-basis:33.33%\"><\/div>\n\n\n\n<div class=\"wp-container-8 wp-block-column\" style=\"flex-basis:66.66%\">\n<h2>Caracter\u00edsticas generales<\/h2>\n\n\n\n<ul><li>2 habitaciones dobles con camas individuales.<\/li><li>Sala de estar con sof\u00e1 y televisi\u00f3n.<\/li><li>Comedor.<\/li><li>Cocina completamente equipada con vajilla, utensilios de cocina, fuegos y horno de gas, microondas, nevera, congelador, cafetera italiana y tostadora.<\/li><li>Ba\u00f1o con ducha.<\/li><li>Ropa de cama, mantas y toallas.<\/li><li>Incluye jab\u00f3n de manos, jab\u00f3n de lavar platos, estropajo y bayeta, jab\u00f3n por el suelo, cerillas, un par de bolsas de basura y papel higi\u00e9nico.<\/li><li>Conexi\u00f3n wifi.<\/li><li>Espacio comunitario con lavadora.<\/li><\/ul>\n\n\n\n<p>El apartamento <strong>adaptado para movilidad reducida<\/strong>, en planta baja, dispone de una habitaci\u00f3n doble y una habitaci\u00f3n triple (con camas individuales), cocina-comedor y ba\u00f1o adaptado.<\/p>\n<\/div>\n<\/div>\n\n\n\n<div class=\"wp-container-12 wp-block-columns col-1-2\">\n<div class=\"wp-container-10 wp-block-column col-1-2\" style=\"flex-basis:33.33%\"><\/div>\n\n\n\n<div class=\"wp-container-11 wp-block-column\" style=\"flex-basis:66.66%\">\n<h2>Tarifas 2023<\/h2>\n\n\n\n<p>La tarifa de alojamiento var\u00eda en funci\u00f3n del n\u00famero de personas que se alojan. A continuaci\u00f3n detallamos los precios por apartamento y noche:<\/p>\n\n\n\n<figure class=\"wp-block-table is-style-stripes\"><table><tbody><tr><td><strong>CAPACIDAD<\/strong><\/td><td><strong>PRECIO<\/strong><\/td><\/tr><tr><td>1 adulto<\/td><td>80\u20ac<\/td><\/tr><tr><td>2 adultos<\/td><td>80\u20ac<\/td><\/tr><tr><td>3 adultos<\/td><td>95\u20ac<\/td><\/tr><tr><td>4 adultos<\/td><td>110\u20ac<\/td><\/tr><tr><td>5 adultos<\/td><td>130\u20ac<\/td><\/tr><\/tbody><\/table><figcaption><em>Precios con IVA incluido<\/em><\/figcaption><\/figure>\n\n\n\n<p><\/p>\n<\/div>\n<\/div>\n\n\n\n<div class=\"wp-container-16 wp-block-columns col-1-2\">\n<div class=\"wp-container-13 wp-block-column col-1-2\" style=\"flex-basis:33.33%\"><\/div>\n\n\n\n<div class=\"wp-container-15 wp-block-column\" style=\"flex-basis:66.66%\">\n<div class=\"wp-container-14 is-content-justification-center wp-block-buttons\">\n<div class=\"wp-block-button\"><a class=\"wp-block-button__link has-text-color has-background\" href=\"https:\/\/elmiracle.cat\/reserves\/\" style=\"background-color:#96588a;color:#ffffff\" target=\"_blank\" rel=\"noreferrer noopener\">Reserva online<\/a><\/div>\n<\/div>\n<\/div>\n<\/div>\n\n\n\n<div class=\"wp-container-19 wp-block-columns col-1-2\">\n<div class=\"wp-container-17 wp-block-column col-1-2\" style=\"flex-basis:33.33%\"><\/div>\n\n\n\n<div class=\"wp-container-18 wp-block-column\" style=\"flex-basis:66.66%\">\n<h2>Informaci\u00f3n adicional<\/h2>\n\n\n\n<ul><li>Ni\u00f1os de 0 a 2 a\u00f1os estancia gratuita.<\/li><li>Suplemento mascota: 5\u20ac\/noche (m\u00e1ximo 1 por apartamento).<\/li><li>No disponemos de camas supletorias.<\/li><li>Disponemos de cuna de viaje bajo petici\u00f3n.<\/li><li>El edificio no dispone de servicio de ascensor.<\/li><li>Es posible alojarse con mascota en algunos apartamentos con previa autorizaci\u00f3n.<\/li><li>No est\u00e1 permitido fumar.<\/li><li>Se puede pagar la estancia con tarjetas de cr\u00e9dito.<\/li><li>Aparcamiento p\u00fablico gratuito en el exterior.<\/li><li>Cafeter\u00eda abierta todos los d\u00edas de 9:30 h a 16:30 h con servicio de desayuno, en el recinto del Santuario.<\/li><li>Restaurante abierto s\u00e1bados, domingos y festivos al mediod\u00eda, en el recinto del Santuario.<\/li><li>Durante el mes de agosto el Restaurante est\u00e1 abierto todos los mediod\u00edas. En julio y septiembre tambi\u00e9n abrimos los viernes al mediod\u00eda.<\/li><\/ul>\n<\/div>\n<\/div>\n\n\n\n<hr class=\"wp-block-separator has-css-opacity\"\/>\n","protected":false},"excerpt":{"rendered":"<p>Este edificio dispone de 12 apartamentos Los apartamentos tienen capacidad para alojar entre 1 y 5 personas. Uno est\u00e1 adaptado para personas con problemas de movilidad. Desde 2019 la mayor parte de los apartamentos disfrutan de un nuevo sistema de calefacci\u00f3n y calentamiento de agua caliente que funciona con biomasa. De esta forma los apartamentos [&hellip;]<\/p>\n","protected":false},"author":2,"featured_media":1543,"parent":1859,"menu_order":0,"comment_status":"closed","ping_status":"closed","template":"section-page.php","meta":[],"acf":[],"yoast_head":"<!-- This site is optimized with the Yoast SEO plugin v19.8 - https:\/\/yoast.com\/wordpress\/plugins\/seo\/ -->\n<title>Edificio Nuestra Se\u00f1ora - Santuari El Miracle<\/title>\n<meta name=\"robots\" content=\"index, follow, max-snippet:-1, max-image-preview:large, max-video-preview:-1\" \/>\n<link rel=\"canonical\" href=\"https:\/\/elmiracle.cat\/es\/alojamiento\/edificio-nuestra-senora\/\" \/>\n<meta property=\"og:locale\" content=\"es_ES\" \/>\n<meta property=\"og:type\" content=\"article\" \/>\n<meta property=\"og:title\" content=\"Edificio Nuestra Se\u00f1ora - Santuari El Miracle\" \/>\n<meta property=\"og:description\" content=\"Este edificio dispone de 12 apartamentos Los apartamentos tienen capacidad para alojar entre 1 y 5 personas. Uno est\u00e1 adaptado para personas con problemas de movilidad. Desde 2019 la mayor parte de los apartamentos disfrutan de un nuevo sistema de calefacci\u00f3n y calentamiento de agua caliente que funciona con biomasa. De esta forma los apartamentos [&hellip;]\" \/>\n<meta property=\"og:url\" content=\"https:\/\/elmiracle.cat\/es\/alojamiento\/edificio-nuestra-senora\/\" \/>\n<meta property=\"og:site_name\" content=\"Santuari El Miracle\" \/>\n<meta property=\"article:modified_time\" content=\"2023-07-28T09:57:59+00:00\" \/>\n<meta property=\"og:image\" content=\"https:\/\/elmiracle.cat\/wp-content\/uploads\/2020\/06\/Apartaments.jpg\" \/>\n\t<meta property=\"og:image:width\" content=\"2000\" \/>\n\t<meta property=\"og:image:height\" content=\"1218\" \/>\n\t<meta property=\"og:image:type\" content=\"image\/jpeg\" \/>\n<meta name=\"twitter:card\" content=\"summary_large_image\" \/>\n<meta name=\"twitter:label1\" content=\"Tiempo de lectura\" \/>\n\t<meta name=\"twitter:data1\" content=\"2 minutos\" \/>\n<script type=\"application\/ld+json\" class=\"yoast-schema-graph\">{\"@context\":\"https:\/\/schema.org\",\"@graph\":[{\"@type\":\"WebPage\",\"@id\":\"https:\/\/elmiracle.cat\/es\/alojamiento\/edificio-nuestra-senora\/\",\"url\":\"https:\/\/elmiracle.cat\/es\/alojamiento\/edificio-nuestra-senora\/\",\"name\":\"Edificio Nuestra Se\u00f1ora - Santuari El Miracle\",\"isPartOf\":{\"@id\":\"https:\/\/elmiracle.cat\/#website\"},\"datePublished\":\"2022-10-24T15:32:21+00:00\",\"dateModified\":\"2023-07-28T09:57:59+00:00\",\"breadcrumb\":{\"@id\":\"https:\/\/elmiracle.cat\/es\/alojamiento\/edificio-nuestra-senora\/#breadcrumb\"},\"inLanguage\":\"es\",\"potentialAction\":[{\"@type\":\"ReadAction\",\"target\":[\"https:\/\/elmiracle.cat\/es\/alojamiento\/edificio-nuestra-senora\/\"]}]},{\"@type\":\"BreadcrumbList\",\"@id\":\"https:\/\/elmiracle.cat\/es\/alojamiento\/edificio-nuestra-senora\/#breadcrumb\",\"itemListElement\":[{\"@type\":\"ListItem\",\"position\":1,\"name\":\"Alojamiento\",\"item\":\"https:\/\/elmiracle.cat\/es\/alojamiento\/\"},{\"@type\":\"ListItem\",\"position\":2,\"name\":\"Edificio Nuestra Se\u00f1ora\"}]},{\"@type\":\"WebSite\",\"@id\":\"https:\/\/elmiracle.cat\/#website\",\"url\":\"https:\/\/elmiracle.cat\/\",\"name\":\"Santuari El Miracle\",\"description\":\"Santuari El Miracle\",\"potentialAction\":[{\"@type\":\"SearchAction\",\"target\":{\"@type\":\"EntryPoint\",\"urlTemplate\":\"https:\/\/elmiracle.cat\/?s={search_term_string}\"},\"query-input\":\"required name=search_term_string\"}],\"inLanguage\":\"es\"}]}<\/script>\n<!-- \/ Yoast SEO plugin. -->","yoast_head_json":{"title":"Edificio Nuestra Se\u00f1ora - Santuari El Miracle","robots":{"index":"index","follow":"follow","max-snippet":"max-snippet:-1","max-image-preview":"max-image-preview:large","max-video-preview":"max-video-preview:-1"},"canonical":"https:\/\/elmiracle.cat\/es\/alojamiento\/edificio-nuestra-senora\/","og_locale":"es_ES","og_type":"article","og_title":"Edificio Nuestra Se\u00f1ora - Santuari El Miracle","og_description":"Este edificio dispone de 12 apartamentos Los apartamentos tienen capacidad para alojar entre 1 y 5 personas. Uno est\u00e1 adaptado para personas con problemas de movilidad. Desde 2019 la mayor parte de los apartamentos disfrutan de un nuevo sistema de calefacci\u00f3n y calentamiento de agua caliente que funciona con biomasa. De esta forma los apartamentos [&hellip;]","og_url":"https:\/\/elmiracle.cat\/es\/alojamiento\/edificio-nuestra-senora\/","og_site_name":"Santuari El Miracle","article_modified_time":"2023-07-28T09:57:59+00:00","og_image":[{"width":2000,"height":1218,"url":"https:\/\/elmiracle.cat\/wp-content\/uploads\/2020\/06\/Apartaments.jpg","type":"image\/jpeg"}],"twitter_card":"summary_large_image","twitter_misc":{"Tiempo de lectura":"2 minutos"},"schema":{"@context":"https:\/\/schema.org","@graph":[{"@type":"WebPage","@id":"https:\/\/elmiracle.cat\/es\/alojamiento\/edificio-nuestra-senora\/","url":"https:\/\/elmiracle.cat\/es\/alojamiento\/edificio-nuestra-senora\/","name":"Edificio Nuestra Se\u00f1ora - Santuari El Miracle","isPartOf":{"@id":"https:\/\/elmiracle.cat\/#website"},"datePublished":"2022-10-24T15:32:21+00:00","dateModified":"2023-07-28T09:57:59+00:00","breadcrumb":{"@id":"https:\/\/elmiracle.cat\/es\/alojamiento\/edificio-nuestra-senora\/#breadcrumb"},"inLanguage":"es","potentialAction":[{"@type":"ReadAction","target":["https:\/\/elmiracle.cat\/es\/alojamiento\/edificio-nuestra-senora\/"]}]},{"@type":"BreadcrumbList","@id":"https:\/\/elmiracle.cat\/es\/alojamiento\/edificio-nuestra-senora\/#breadcrumb","itemListElement":[{"@type":"ListItem","position":1,"name":"Alojamiento","item":"https:\/\/elmiracle.cat\/es\/alojamiento\/"},{"@type":"ListItem","position":2,"name":"Edificio Nuestra Se\u00f1ora"}]},{"@type":"WebSite","@id":"https:\/\/elmiracle.cat\/#website","url":"https:\/\/elmiracle.cat\/","name":"Santuari El Miracle","description":"Santuari El Miracle","potentialAction":[{"@type":"SearchAction","target":{"@type":"EntryPoint","urlTemplate":"https:\/\/elmiracle.cat\/?s={search_term_string}"},"query-input":"required name=search_term_string"}],"inLanguage":"es"}]}},"_links":{"self":[{"href":"https:\/\/elmiracle.cat\/es\/wp-json\/wp\/v2\/pages\/2630"}],"collection":[{"href":"https:\/\/elmiracle.cat\/es\/wp-json\/wp\/v2\/pages"}],"about":[{"href":"https:\/\/elmiracle.cat\/es\/wp-json\/wp\/v2\/types\/page"}],"author":[{"embeddable":true,"href":"https:\/\/elmiracle.cat\/es\/wp-json\/wp\/v2\/users\/2"}],"replies":[{"embeddable":true,"href":"https:\/\/elmiracle.cat\/es\/wp-json\/wp\/v2\/comments?post=2630"}],"version-history":[{"count":0,"href":"https:\/\/elmiracle.cat\/es\/wp-json\/wp\/v2\/pages\/2630\/revisions"}],"up":[{"embeddable":true,"href":"https:\/\/elmiracle.cat\/es\/wp-json\/wp\/v2\/pages\/1859"}],"wp:featuredmedia":[{"embeddable":true,"href":"https:\/\/elmiracle.cat\/es\/wp-json\/wp\/v2\/media\/1543"}],"wp:attachment":[{"href":"https:\/\/elmiracle.cat\/es\/wp-json\/wp\/v2\/media?parent=2630"}],"curies":[{"name":"wp","href":"https:\/\/api.w.org\/{rel}","templated":true}]}}